{"id":42,"date":"2026-07-09T07:00:44","date_gmt":"2026-07-09T07:00:44","guid":{"rendered":"https:\/\/newsite.andreapilotti.ch\/?page_id=42"},"modified":"2026-07-09T14:12:42","modified_gmt":"2026-07-09T14:12:42","slug":"recherches","status":"publish","type":"page","link":"https:\/\/newsite.andreapilotti.ch\/en\/recherches\/","title":{"rendered":"Research"},"content":{"rendered":"<style type=\"text\/css\" data-created_by=\"avia_inline_auto\" id=\"style-css-av-mrdl6apv-fdf469f8054a02ff3b616bda1231ef3a\">\n#top .av-special-heading.av-mrdl6apv-fdf469f8054a02ff3b616bda1231ef3a{\npadding-bottom:10px;\n}\nbody .av-special-heading.av-mrdl6apv-fdf469f8054a02ff3b616bda1231ef3a .av-special-heading-tag .heading-char{\nfont-size:25px;\n}\n.av-special-heading.av-mrdl6apv-fdf469f8054a02ff3b616bda1231ef3a .av-subheading{\nfont-size:15px;\n}\n<\/style>\n<div  class='av-special-heading av-mrdl6apv-fdf469f8054a02ff3b616bda1231ef3a av-special-heading-h3  avia-builder-el-0  el_before_av_one_full  avia-builder-el-first'><h3 class='av-special-heading-tag'  itemprop=\"headline\"  >Research<\/h3><div class=\"special-heading-border\"><div class=\"special-heading-inner-border\"><\/div><\/div><\/div>\n<div  class='flex_column av-12ele-6e2b9afe93812c984cf1e69a1b01665a av_one_full  avia-builder-el-1  el_after_av_heading  avia-builder-el-last  first flex_column_div'     ><div  class='tabcontainer av-mrdgi3xg-9935f48d5921082108f50227bc14c7d5 top_tab  avia-builder-el-2  avia-builder-el-no-sibling'>\n<section class='av_tab_section av_tab_section av-mrdgihy6-cbd39829d98d8028b5d2b0d42f48b249'  itemscope=\"itemscope\" itemtype=\"https:\/\/schema.org\/CreativeWork\" ><div id='tab-id-1-tab' class='tab active_tab' role='tab' aria-selected=\"true\" tabindex=\"0\" data-fake-id='#tab-id-1' aria-controls='tab-id-1-content'  itemprop=\"headline\" >En cours<\/div><div id='tab-id-1-content' class='tab_content active_tab_content' role='tabpanel' aria-labelledby='tab-id-1-tab' aria-hidden=\"false\"><div class='tab_inner_content invers-color'  itemprop=\"text\" ><ul>\n<li><a href=\"https:\/\/data.snf.ch\/grants\/grant\/10002839\" target=\"_blank\" rel=\"noopener\"><strong>Beyond the Core: Elites and Power in the Swiss Second-Tier City Regions (1890-2020)\u00a0<\/strong><\/a>(avec Andr\u00e9 Mach et St\u00e9phanie Ginalski, Universit\u00e9 de Lausanne, et Matthieu Leimgruber, Universit\u00e9 de Zurich).<\/li>\n<\/ul>\n<hr \/>\n<ul>\n<li><strong>Les carri\u00e8res politiques des conseillers d\u2019\u00c9tat (1890-2020)<\/strong>\u00a0(avec Rahel Freiburghaus, Andr\u00e9 Mach et Gr\u00e9goire Mottet, Universit\u00e9 de Lausanne, et Michael A. Strebel, KPM-Universit\u00e9 de Berne).<\/li>\n<\/ul>\n<hr \/>\n<ul>\n<li><strong>De la repr\u00e9sentativit\u00e9 des classes \u00e0 l\u2019\u00e9cart des classes : la transformation du profil socioprofessionnel des \u00e9lus de gauche en Suisse (1910-2016)<\/strong>\u00a0(avec Baptiste Antoniazza, Roberto Di Capua et Karim Lasseb, Universit\u00e9 de Lausanne).<\/li>\n<\/ul>\n<hr \/>\n<ul>\n<li><strong>Les femmes au Parlement suisse. Profils socioprofessionnels et carri\u00e8res politiques depuis l\u2019introduction du suffrage f\u00e9minin<\/strong>.<\/li>\n<\/ul>\n<\/div><\/div><\/section>\n<section class='av_tab_section av_tab_section av-mrdgi32m-b22c0b508c7545c5795d9895b4bb9e3a'  itemscope=\"itemscope\" itemtype=\"https:\/\/schema.org\/CreativeWork\" ><div id='tab-id-2-tab' class='tab' role='tab' aria-selected=\"false\" tabindex=\"0\" data-fake-id='#tab-id-2' aria-controls='tab-id-2-content'  itemprop=\"headline\" >Termin\u00e9es<\/div><div id='tab-id-2-content' class='tab_content' role='tabpanel' aria-labelledby='tab-id-2-tab' aria-hidden=\"true\"><div class='tab_inner_content invers-color'  itemprop=\"text\" ><p><strong>2026<\/strong><\/p>\n<p><a href=\"https:\/\/www.unil.ch\/ovpr\/fr\/home\/menuinst\/ricerche\/enquetes--expertises\/elezioni-cantonali-ticinesi-1\/studio-candidati-e-ed-eletti-e.html\" target=\"_blank\" rel=\"noopener\"><strong>Qui se porte candidat\u00b7e et qui est \u00e9lu\u00b7e ? Une \u00e9tude sur les \u00e9lections au Grand Conseil tessinois de 2023<\/strong><\/a>\u00a0(avec Jessica Rosco et Oscar Mazzoleni, Universit\u00e9 de Lausanne).<\/p>\n<hr \/>\n<p><strong>2025<\/strong><\/p>\n<p><a href=\"https:\/\/www.unil.ch\/ovpr\/fr\/home\/menuinst\/ricerche\/enquetes--expertises\/elezioni-cantonali-ticinesi-1\/etude-electeurs-trices.html\" target=\"_blank\" rel=\"noopener\"><strong>Les \u00e9lections cantonales tessinoises de 2023. Abstention, orientation du vote, questions climatiques et vote des femmes<\/strong><\/a>\u00a0(avec Jessica Rosco et Oscar Mazzoleni, Universit\u00e9 de Lausanne).<\/p>\n<hr \/>\n<p><strong>2023<\/strong><\/p>\n<p><a href=\"https:\/\/www.e-elgar.com\/shop\/gbp\/national-populism-and-borders-9781802208047.html\" target=\"_blank\" rel=\"noopener\"><strong>Le discours national-populiste et la fronti\u00e8re\u00a0<\/strong><\/a>(avec Oscar Mazzoleni, Gr\u00e9goire Yerly, Lukas Lauener, Universit\u00e9 de Lausanne, Laurent Bernhard, Universit\u00e9s de Lausanne et Zurich, et Cecilia Biancalana, Universit\u00e0 di Torino).<\/p>\n<p><a href=\"https:\/\/onlinelibrary.wiley.com\/doi\/10.1111\/spsr.12557\" target=\"_blank\" rel=\"noopener\"><strong>Les parlementaires des partis populistes. Une comparaison entre Autriche, Italie et Suisse (1980-2016)<\/strong><\/a>\u00a0(avec Manuel Anselmi, Universit\u00e0 di Bergamo, et Oscar Mazzoleni, Universit\u00e9 de Lausanne).<\/p>\n<hr \/>\n<p><strong>2022<\/strong><\/p>\n<p><a href=\"https:\/\/unil.ch\/ovpr\/home\/menuinst\/ricerche\/enquetes--expertises\/elezioni-cantonali-ticinesi-2019\/studio-candidatie-ed-elettie.html\" target=\"_blank\" rel=\"noopener\"><strong>La comp\u00e9tition pour les \u00e9lections du parlement tessinois de 2019. Candidatures, \u00e9lus et \u00e9lues<\/strong><\/a>\u00a0(avec Oscar Mazzoleni, Universit\u00e9 de Lausanne).<\/p>\n<p><a href=\"https:\/\/www.tandfonline.com\/doi\/abs\/10.1080\/13597566.2020.1771312?journalCode=frfs20\" target=\"_blank\" rel=\"noopener noreferrer\"><strong>La transformation des mod\u00e8les de carri\u00e8re politique en Suisse des ann\u00e9es 1950 \u00e0 nos jours<\/strong><\/a>\u00a0(avec Roberto Di Capua, Andr\u00e9 Mach et Karim Lasseb, Universit\u00e9 de Lausanne).<\/p>\n<hr \/>\n<p><strong>2021<\/strong><\/p>\n<p><a href=\"https:\/\/unil.ch\/ovpr\/home\/menuinst\/ricerche\/enquetes--expertises\/elezioni-cantonali-ticinesi-2019\/etude-electeurstrices.html\" target=\"_blank\" rel=\"noopener\"><strong>Les \u00e9lections cantonales tessinoises de 2019. Participation et abstentionnisme, \u00e9lectorat des partis et lien territorial<\/strong><\/a>\u00a0(avec Oscar Mazzoleni, Universit\u00e9 de Lausanne).<\/p>\n<p><a href=\"https:\/\/www.unil.ch\/ovpr\/home\/menuinst\/ricerche\/projets\/projet-fns-2016-2020.html\" target=\"_blank\" rel=\"noopener noreferrer\"><strong>Transformations urbaines et \u00e9lites politiques locales. Une \u00e9tude comparative entre quatre villes de Suisse<\/strong><\/a>\u00a0(avec Oscar Mazzoleni, Andr\u00e9 Mach, Roberto Di Capua et Karim Lasseb, Universit\u00e9 de Lausanne).<\/p>\n<hr \/>\n<p><strong>2020<\/strong><\/p>\n<p><a href=\"https:\/\/serval.unil.ch\/fr\/notice\/serval:BIB_1ABA851977B8\" target=\"_blank\" rel=\"noopener noreferrer\"><strong>Les femmes au Grand Conseil (1971-2019). Un profil en mutation des d\u00e9put\u00e9es au Parlement tessinois<\/strong><\/a>\u00a0(sur mandat de l\u2019Associazione Archivi Riuniti delle Donne Ticino, Massagno).<\/p>\n<p><a href=\"https:\/\/serval.unil.ch\/fr\/notice\/serval:BIB_F52DBE82D45A\" target=\"_blank\" rel=\"noopener\"><strong>La r\u00e9forme du syst\u00e8me \u00e9lectoral pour l\u2019\u00e9lection du Conseil d\u2019Etat et du Grand Conseil du canton du Tessin<\/strong><\/a>\u00a0(avec Oscar Mazzoleni, Universit\u00e9 de Lausanne).<\/p>\n<hr \/>\n<p><strong>2019<\/strong><\/p>\n<p><a href=\"https:\/\/serval.unil.ch\/fr\/notice\/serval:BIB_4107E0AA293C\" target=\"_blank\" rel=\"noopener noreferrer\"><strong>Les jeunes suisses: leur int\u00e9r\u00eat pour la politique et leur positionnement sur l\u2019\u00e9chelle gauche-droite<\/strong><\/a>\u00a0(avec Oscar Mazzoleni, Universit\u00e9 de Lausanne).<\/p>\n<hr \/>\n<p><strong>2018<\/strong><\/p>\n<p><strong>L\u2019initiative \u2018No Billag\u2019 et le service public de radiodiffusion dans la Suisse italienne\u00a0<\/strong>(avec Oscar Mazzoleni et Yves Di Cristino, Universit\u00e9 de Lausanne).<\/p>\n<p><a href=\"https:\/\/unil.ch\/ovpr\/home\/menuinst\/ricerche\/enquetes--expertises\/elezioni-cantonali-ticinesi-2015\/studio-candidatie-ed-elettie.html\" target=\"_blank\" rel=\"noopener noreferrer\"><strong>Les candidat\u00b7e\u00b7s et les \u00e9lu\u00b7e\u00b7s aux \u00e9lections cantonales tessinoises de 2015<\/strong><\/a>\u00a0(avec Madeleine Braulin, Oscar Mazzoleni et Yves Di Cristino, Universit\u00e9 de Lausanne).<\/p>\n<p><strong><a href=\"https:\/\/serval.unil.ch\/fr\/notice\/serval:BIB_BE2E8070EFA1\" target=\"_blank\" rel=\"noopener noreferrer\">L\u2019opposition parlementaire en Suisse<\/a><\/strong>\u00a0(avec Jan Rosset, Universit\u00e9 de Gen\u00e8ve, et Yannis Papadopoulos, Universit\u00e9 de Lausanne).<\/p>\n<hr \/>\n<p><strong>2017<\/strong><\/p>\n<p><strong><a href=\"http:\/\/unil.ch\/ovpr\/home\/menuinst\/ricerche\/enquetes--expertises\/elezioni-cantonali-ticinesi-2015\/elections-tessinoises.html\" target=\"_blank\" rel=\"noopener noreferrer\">Les \u00e9lecteurs\u00b7trices aux \u00e9lections cantonales tessinoises de 2015 : participation, partis, personnalisation et th\u00e8mes<\/a><\/strong>\u00a0(avec Oscar Mazzoleni, Carolina Rossini et Virginie Debons, Universit\u00e9 de Lausanne).<\/p>\n<hr \/>\n<p><strong>2016<\/strong><\/p>\n<p><a href=\"https:\/\/unil.ch\/ovpr\/home\/menuinst\/ricerche\/enquetes--expertises\/ticinos-voting-2016-in-italian.html\" target=\"_blank\" rel=\"noopener noreferrer\"><strong>Le vote sur les initiatives cantonales \u00ab\u00a0Les n\u00f4tres d\u2019abord\u00a0\u00bb et \u00ab\u00a0Stop au dumping salarial au Tessin !\u2019\u00a0\u00bb<\/strong><\/a>\u00a0(avec Oscar Mazzoleni, Carolina Rossini et Madeleine Braulin, Universit\u00e9 de Lausanne).<\/p>\n<p><strong><a href=\"http:\/\/unil.ch\/ovpr\/home\/menuinst\/ricerche\/enquetes--expertises\/inchiesta-lrtv.html\" target=\"_blank\" rel=\"noopener noreferrer\">La t\u00e9l\u00e9vision et radio publiques de la Suisse italienne face \u00e0 l\u2019opinion des citoyen\u00b7ne\u00b7s<\/a><\/strong>\u00a0(avec Virginie Debons, Carolina Rossini et Oscar Mazzoleni, Universit\u00e9 de Lausanne).<\/p>\n<hr \/>\n<p><strong>2015<\/strong><\/p>\n<p><strong>Les avis des membres du PDC tessinois<\/strong>\u00a0(avec Carolina Rossini, Virginie Debons et Oscar Mazzoleni, Universit\u00e9 de Lausanne).<\/p>\n<hr \/>\n<p><strong>2014<\/strong><\/p>\n<p><strong><a href=\"https:\/\/unil.ch\/ovpr\/home\/menuinst\/ricerche\/enquetes--expertises\/tessin-et-immigration-de-masse-en-italien.html\" target=\"_blank\" rel=\"noopener noreferrer\">Analyse du vote tessinois sur l\u2019initiative \u00ab\u00a0contre l\u2019immigration de masse\u00a0\u00bb du 9 f\u00e9vrier 2014<\/a><\/strong>\u00a0(avec Oscar Mazzoleni, Universit\u00e9 de Lausanne).<\/p>\n<hr \/>\n<p><strong>2013<\/strong><\/p>\n<p><strong><a href=\"http:\/\/unil.ch\/ovpr\/home\/menuinst\/ricerche\/projets\/un-cantone-in-mutamento.html\" target=\"_blank\" rel=\"noopener noreferrer\">Les fusions communales dans le contexte urbain au Tessin<\/a><\/strong>\u00a0(avec Oscar Mazzoleni, Universit\u00e9 de Lausanne, et Marco Marcacci).<\/p>\n<\/div><\/div><\/section>\n<\/div><\/div>","protected":false},"excerpt":{"rendered":"","protected":false},"author":1,"featured_media":0,"parent":0,"menu_order":0,"comment_status":"closed","ping_status":"closed","template":"","meta":{"footnotes":""},"class_list":["post-42","page","type-page","status-publish","hentry"],"_links":{"self":[{"href":"https:\/\/newsite.andreapilotti.ch\/en\/wp-json\/wp\/v2\/pages\/42","targetHints":{"allow":["GET"]}}],"collection":[{"href":"https:\/\/newsite.andreapilotti.ch\/en\/wp-json\/wp\/v2\/pages"}],"about":[{"href":"https:\/\/newsite.andreapilotti.ch\/en\/wp-json\/wp\/v2\/types\/page"}],"author":[{"embeddable":true,"href":"https:\/\/newsite.andreapilotti.ch\/en\/wp-json\/wp\/v2\/users\/1"}],"replies":[{"embeddable":true,"href":"https:\/\/newsite.andreapilotti.ch\/en\/wp-json\/wp\/v2\/comments?post=42"}],"version-history":[{"count":5,"href":"https:\/\/newsite.andreapilotti.ch\/en\/wp-json\/wp\/v2\/pages\/42\/revisions"}],"predecessor-version":[{"id":684,"href":"https:\/\/newsite.andreapilotti.ch\/en\/wp-json\/wp\/v2\/pages\/42\/revisions\/684"}],"wp:attachment":[{"href":"https:\/\/newsite.andreapilotti.ch\/en\/wp-json\/wp\/v2\/media?parent=42"}],"curies":[{"name":"wp","href":"https:\/\/api.w.org\/{rel}","templated":true}]}}